{"id":297,"date":"2021-02-13T16:13:12","date_gmt":"2021-02-13T16:13:12","guid":{"rendered":"https:\/\/rheingaumakler.de\/?page_id=297"},"modified":"2021-02-13T16:28:28","modified_gmt":"2021-02-13T16:28:28","slug":"datenschutz","status":"publish","type":"page","link":"https:\/\/www.rheingaumakler.de\/?page_id=297","title":{"rendered":"Datenschutz"},"content":{"rendered":"\t\t<div data-elementor-type=\"wp-page\" data-elementor-id=\"297\" class=\"elementor elementor-297\" data-elementor-settings=\"[]\">\n\t\t\t\t\t\t<div class=\"elementor-inner\">\n\t\t\t\t\t\t\t<div class=\"elementor-section-wrap\">\n\t\t\t\t\t\t\t<header class=\"elementor-section elementor-top-section elementor-element elementor-element-edc8889 elementor-section-content-middle elementor-section-boxed elementor-section-height-default elementor-section-height-default\" data-id=\"edc8889\" data-element_type=\"section\" data-settings=\"{&quot;background_background&quot;:&quot;classic&quot;,&quot;sticky&quot;:&quot;top&quot;,&quot;sticky_on&quot;:[&quot;desktop&quot;,&quot;tablet&quot;,&quot;mobile&quot;],&quot;sticky_offset&quot;:0,&quot;sticky_effects_offset&quot;:0}\">\n\t\t\t\t\t\t<div class=\"elementor-container elementor-column-gap-no\">\n\t\t\t\t\t\t\t<div class=\"elementor-row\">\n\t\t\t\t\t<div class=\"elementor-column elementor-col-25 elementor-top-column elementor-element elementor-element-eb2b691\" data-id=\"eb2b691\" data-element_type=\"column\">\n\t\t\t<div class=\"elementor-column-wrap elementor-element-populated\">\n\t\t\t\t\t\t\t<div class=\"elementor-widget-wrap\">\n\t\t\t\t\t\t<div class=\"elementor-element elementor-element-142e20d elementor-widget elementor-widget-theme-site-logo elementor-widget-image\" data-id=\"142e20d\" data-element_type=\"widget\" data-widget_type=\"theme-site-logo.default\">\n\t\t\t\t<div class=\"elementor-widget-container\">\n\t\t\t\t\t<div class=\"elementor-image\">\n\t\t\t\t\t\t\t\t\t\t\t<a href=\"https:\/\/www.rheingaumakler.de\">\n\t\t\t\t\t\t\t<img width=\"2367\" height=\"654\" src=\"https:\/\/www.rheingaumakler.de\/wp-content\/uploads\/2021\/01\/cropped-Rheingau_Logo_Final_Neu2021_grau-WEB.jpg\" class=\"attachment-full size-full\" alt=\"\" loading=\"lazy\" srcset=\"https:\/\/www.rheingaumakler.de\/wp-content\/uploads\/2021\/01\/cropped-Rheingau_Logo_Final_Neu2021_grau-WEB.jpg 2367w, https:\/\/www.rheingaumakler.de\/wp-content\/uploads\/2021\/01\/cropped-Rheingau_Logo_Final_Neu2021_grau-WEB-300x83.jpg 300w, https:\/\/www.rheingaumakler.de\/wp-content\/uploads\/2021\/01\/cropped-Rheingau_Logo_Final_Neu2021_grau-WEB-1024x283.jpg 1024w, https:\/\/www.rheingaumakler.de\/wp-content\/uploads\/2021\/01\/cropped-Rheingau_Logo_Final_Neu2021_grau-WEB-768x212.jpg 768w, https:\/\/www.rheingaumakler.de\/wp-content\/uploads\/2021\/01\/cropped-Rheingau_Logo_Final_Neu2021_grau-WEB-1536x424.jpg 1536w, https:\/\/www.rheingaumakler.de\/wp-content\/uploads\/2021\/01\/cropped-Rheingau_Logo_Final_Neu2021_grau-WEB-2048x566.jpg 2048w, https:\/\/www.rheingaumakler.de\/wp-content\/uploads\/2021\/01\/cropped-Rheingau_Logo_Final_Neu2021_grau-WEB-1568x433.jpg 1568w\" sizes=\"(max-width: 2367px) 100vw, 2367px\" style=\"width:100%;height:27.63%;max-width:2367px;\" \/>\t\t\t\t\t\t\t\t<\/a>\n\t\t\t\t\t\t\t\t\t\t\t<\/div>\n\t\t\t\t<\/div>\n\t\t\t\t<\/div>\n\t\t\t\t\t\t<\/div>\n\t\t\t\t\t<\/div>\n\t\t<\/div>\n\t\t\t\t<div class=\"elementor-column elementor-col-50 elementor-top-column elementor-element elementor-element-0c56165\" data-id=\"0c56165\" data-element_type=\"column\">\n\t\t\t<div class=\"elementor-column-wrap elementor-element-populated\">\n\t\t\t\t\t\t\t<div class=\"elementor-widget-wrap\">\n\t\t\t\t\t\t<div class=\"elementor-element elementor-element-8518a73 elementor-nav-menu__align-center elementor-nav-menu--dropdown-mobile elementor-nav-menu--stretch elementor-nav-menu__text-align-center elementor-nav-menu--indicator-classic elementor-nav-menu--toggle elementor-nav-menu--burger elementor-widget elementor-widget-nav-menu\" data-id=\"8518a73\" data-element_type=\"widget\" data-settings=\"{&quot;full_width&quot;:&quot;stretch&quot;,&quot;layout&quot;:&quot;horizontal&quot;,&quot;toggle&quot;:&quot;burger&quot;}\" data-widget_type=\"nav-menu.default\">\n\t\t\t\t<div class=\"elementor-widget-container\">\n\t\t\t\t\t\t<nav role=\"navigation\" class=\"elementor-nav-menu--main elementor-nav-menu__container elementor-nav-menu--layout-horizontal e--pointer-text e--animation-shrink\"><ul id=\"menu-1-8518a73\" class=\"elementor-nav-menu\"><li class=\"menu-item menu-item-type-post_type menu-item-object-page menu-item-home menu-item-155\"><a href=\"https:\/\/www.rheingaumakler.de\/\" class=\"elementor-item\">Home<\/a><\/li>\n<li class=\"menu-item menu-item-type-post_type menu-item-object-page menu-item-154\"><a href=\"https:\/\/www.rheingaumakler.de\/?page_id=117\" class=\"elementor-item\">Meine Leistungen<\/a><\/li>\n<li class=\"menu-item menu-item-type-post_type menu-item-object-page menu-item-153\"><a href=\"https:\/\/www.rheingaumakler.de\/?page_id=151\" class=\"elementor-item\">Impressum<\/a><\/li>\n<li class=\"menu-item menu-item-type-post_type menu-item-object-page menu-item-312\"><a href=\"https:\/\/www.rheingaumakler.de\/?page_id=297\" class=\"elementor-item\">Datenschutz<\/a><\/li>\n<\/ul><\/nav>\n\t\t\t\t\t<div class=\"elementor-menu-toggle\" role=\"button\" tabindex=\"0\" aria-label=\"Menu Toggle\" aria-expanded=\"false\">\n\t\t\t<i class=\"eicon-menu-bar\" aria-hidden=\"true\"><\/i>\n\t\t\t<span class=\"elementor-screen-only\">Menu<\/span>\n\t\t<\/div>\n\t\t\t<nav class=\"elementor-nav-menu--dropdown elementor-nav-menu__container\" role=\"navigation\" aria-hidden=\"true\"><ul id=\"menu-2-8518a73\" class=\"elementor-nav-menu\"><li class=\"menu-item menu-item-type-post_type menu-item-object-page menu-item-home menu-item-155\"><a href=\"https:\/\/www.rheingaumakler.de\/\" class=\"elementor-item\">Home<\/a><\/li>\n<li class=\"menu-item menu-item-type-post_type menu-item-object-page menu-item-154\"><a href=\"https:\/\/www.rheingaumakler.de\/?page_id=117\" class=\"elementor-item\">Meine Leistungen<\/a><\/li>\n<li class=\"menu-item menu-item-type-post_type menu-item-object-page menu-item-153\"><a href=\"https:\/\/www.rheingaumakler.de\/?page_id=151\" class=\"elementor-item\">Impressum<\/a><\/li>\n<li class=\"menu-item menu-item-type-post_type menu-item-object-page menu-item-312\"><a href=\"https:\/\/www.rheingaumakler.de\/?page_id=297\" class=\"elementor-item\">Datenschutz<\/a><\/li>\n<\/ul><\/nav>\n\t\t\t\t<\/div>\n\t\t\t\t<\/div>\n\t\t\t\t\t\t<\/div>\n\t\t\t\t\t<\/div>\n\t\t<\/div>\n\t\t\t\t<div class=\"elementor-column elementor-col-25 elementor-top-column elementor-element elementor-element-910ff32 elementor-hidden-phone\" data-id=\"910ff32\" data-element_type=\"column\">\n\t\t\t<div class=\"elementor-column-wrap elementor-element-populated\">\n\t\t\t\t\t\t\t<div class=\"elementor-widget-wrap\">\n\t\t\t\t\t\t<div class=\"elementor-element elementor-element-80d7ed8 elementor-align-right elementor-tablet-align-right elementor-hidden-phone elementor-widget elementor-widget-button\" data-id=\"80d7ed8\" data-element_type=\"widget\" data-widget_type=\"button.default\">\n\t\t\t\t<div class=\"elementor-widget-container\">\n\t\t\t\t\t<div class=\"elementor-button-wrapper\">\n\t\t\t<a href=\"mailto:info@rheingaumakler.de\" class=\"elementor-button-link elementor-button elementor-size-sm elementor-animation-shrink\" role=\"button\">\n\t\t\t\t\t\t<span class=\"elementor-button-content-wrapper\">\n\t\t\t\t\t\t<span class=\"elementor-button-text\">Kontakt<\/span>\n\t\t<\/span>\n\t\t\t\t\t<\/a>\n\t\t<\/div>\n\t\t\t\t<\/div>\n\t\t\t\t<\/div>\n\t\t\t\t\t\t<\/div>\n\t\t\t\t\t<\/div>\n\t\t<\/div>\n\t\t\t\t\t\t\t\t<\/div>\n\t\t\t\t\t<\/div>\n\t\t<\/header>\n\t\t\t\t<section class=\"elementor-section elementor-top-section elementor-element elementor-element-c90dd8e elementor-section-boxed elementor-section-height-default elementor-section-height-default\" data-id=\"c90dd8e\" data-element_type=\"section\">\n\t\t\t\t\t\t<div class=\"elementor-container elementor-column-gap-default\">\n\t\t\t\t\t\t\t<div class=\"elementor-row\">\n\t\t\t\t\t<div class=\"elementor-column elementor-col-100 elementor-top-column elementor-element elementor-element-7025d96\" data-id=\"7025d96\" data-element_type=\"column\">\n\t\t\t<div class=\"elementor-column-wrap elementor-element-populated\">\n\t\t\t\t\t\t\t<div class=\"elementor-widget-wrap\">\n\t\t\t\t\t\t<div class=\"elementor-element elementor-element-9510a8f elementor-widget elementor-widget-text-editor\" data-id=\"9510a8f\" data-element_type=\"widget\" data-widget_type=\"text-editor.default\">\n\t\t\t\t<div class=\"elementor-widget-container\">\n\t\t\t\t\t<div class=\"elementor-text-editor elementor-clearfix\"><p>\u00a0<\/p><p><b>Datenschutzerkl\u00e4rung f\u00fcr die Webseite rheingaumakler.de<\/b><\/p><p><b>Datenschutzerkl\u00e4rung<\/b><br \/>Rheingaumakler.de hat in dieser Datenschutzerkl\u00e4rung, die den Anforderungen der Datenschutzgrundverordnung (DSGVO) entspricht, die Bedingungen, unter denen personenbezogene Daten auf dieser Webseite verarbeitet werden, zusammengefasst. Grunds\u00e4tzlich ist die Nutzung der Webseite\u00a0<a href=\"http:\/\/www.rheingaumakler.de\/\">www.rheingaumakler.de<\/a>\u00a0ohne Angabe von personenbezogenen Daten m\u00f6glich. Daf\u00fcr sind teilweise Einstellungen erforderlich, bestimmte Dienste, die in dieser Datenschutzerkl\u00e4rung genannt sind, auszuschalten. Sofern bestimmte Dienste auf dieser Webseite in Anspruch genommen werden, kann die \u00dcbermittlung personenbezogener Daten erfolgen. Die Einzelheiten ergeben sich aus den folgenden Abschnitten dieser Datenschutzerkl\u00e4rung.<\/p><p><b>I. Einige Begriffe, die wir in dieser Datenschutzerkl\u00e4rung verwenden<\/b><\/p><p>\u2013 Verantwortlicher<br \/>Rheingaumakler &#8211; Samuel R\u00fcdiger<\/p><p>\u2013 Personenbezogene Daten<br \/>Alle Daten, die sich auf eine identifizierte oder identifizierbare Person beziehen, vgl. Art. 4 DSGVO<\/p><p>\u2013 Verarbeitung<br \/>Vorg\u00e4nge mit \/ ohne Hilfe automatisierter Verfahren wie Erheben, Erfassen, Organisieren, Ordnen, Speichern, Anpassen, Ver\u00e4ndern, Auslesen, Abfragen, Verwenden sowie Offenlegen durch \u00dcbermitteln, Verbreiten, Bereitstellen, Abgleichen, Verkn\u00fcpfen, L\u00f6schen und Vernichtung im Zusammenhang mit personenbezogenen Daten<\/p><p>\u2013 Einwilligung<br \/>Ausdr\u00fcckliche Erkl\u00e4rung, mit der die betroffene Person zu erkennen gibt, dass sie mit der Verarbeitung personenbezogener Daten einverstanden ist.<\/p><p>\u2013 L\u00f6schen<br \/>Komplette Tilgung jeglicher Spuren von Daten, ohne dass diese wiederherstellbar w\u00e4ren<\/p><p>\u2013 Sperren<br \/>Einschr\u00e4nkung der Verarbeitung von personenbezogenen Daten, sofern Aufbewahrungspflichten oder gesetzliche Vorgaben oder eine m\u00f6gliche Rechtsverfolgung den Verantwortlichen an der L\u00f6schung von personenbezogenen Daten hindern<\/p><p>\u2013 Empf\u00e4nger<br \/>Ziel (Person, Firma) der Weiterleitung von personenbezogenen Daten, sofern dies zutrifft.<\/p><p><b>II. Name und Anschrift des Verantwortlichen<\/b><br \/>Der Verantwortliche im Sinne der datenschutzrechtlichen Bestimmungen ist:<br \/>Rheingaumakler<br \/>Samuel R\u00fcdiger<br \/>Weinbergblick 41, 65399 Kiedrich<br \/>+49 151 599 891 35<br \/>E-Mail:\u00a0<a href=\"mailto:info@rheingaumakler.de\">info@rheingaumakler.de<\/a><\/p><p>III. Aufsichtsbeh\u00f6rde<\/p><p>Der Hessische Beauftragte f\u00fcr Datenschutz und Informationsfreiheit, Prof. Dr. Michael Ronellenfitsch<\/p><p><b>IV. Allgemeines zur Datenverarbeitung<\/b><\/p><p>1.\u00a0\u00a0\u00a0\u00a0\u00a0\u00a0\u00a0 Umfang der Verarbeitung personenbezogener Daten<br \/>\u00a0Wir verarbeiten personenbezogene Daten unserer Nutzer grunds\u00e4tzlich nur, soweit dies zur Bereitstellung einer funktionsf\u00e4higen Website sowie unserer Inhalte und Leistungen erforderlich ist. Die Verarbeitung personenbezogener Daten unserer Nutzer erfolgt regelm\u00e4\u00dfig nur nach Einwilligung des Nutzers. Eine Ausnahme gilt in solchen F\u00e4llen, in denen eine vorherige Einholung einer Einwilligung aus tats\u00e4chlichen Gr\u00fcnden nicht m\u00f6glich ist und die Verarbeitung der Daten durch gesetzliche Vorschriften gestattet ist.<\/p><p>2.\u00a0\u00a0\u00a0\u00a0\u00a0\u00a0\u00a0 Rechtsgrundlage f\u00fcr die Verarbeitung personenbezogener Daten<br \/>Soweit wir f\u00fcr Verarbeitungsvorg\u00e4nge personenbezogener Daten eine Einwilligung der betroffenen Person einholen, dient Art.\u00a06 Abs.\u00a01 lit.\u00a0a EU-Datenschutzgrundverordnung (DSGVO) als Rechtsgrundlage. Bei der Verarbeitung von personenbezogenen Daten, die zur Erf\u00fcllung eines Vertrages, dessen Vertragspartei die betroffene Person ist, erforderlich ist, dient Art.\u00a06 Abs.\u00a01 lit.\u00a0b DSGVO als Rechtsgrundlage. Dies gilt auch f\u00fcr Verarbeitungsvorg\u00e4nge, die zur Durchf\u00fchrung vorvertraglicher Ma\u00dfnahmen erforderlich sind. Soweit eine Verarbeitung personenbezogener Daten zur Erf\u00fcllung einer rechtlichen Verpflichtung erforderlich ist, der unser Unternehmen unterliegt, dient Art.\u00a06 Abs.\u00a01 lit.\u00a0c DSGVO als Rechtsgrundlage.<br \/>F\u00fcr den Fall, dass lebenswichtige Interessen der betroffenen Person oder einer anderen nat\u00fcrlichen Person eine Verarbeitung personenbezogener Daten erforderlich machen, dient Art.\u00a06 Abs.\u00a01 lit.\u00a0d DSGVO als Rechtsgrundlage.<br \/>Ist die Verarbeitung zur Wahrung eines berechtigten Interesses unseres Unternehmens oder eines Dritten erforderlich und \u00fcberwiegen die Interessen, Grundrechte und Grundfreiheiten des Betroffenen das erstgenannte Interesse nicht, so dient Art.\u00a06 Abs.\u00a01 lit.\u00a0f DSGVO als Rechtsgrundlage f\u00fcr die Verarbeitung.<\/p><p>3.\u00a0\u00a0\u00a0\u00a0\u00a0\u00a0\u00a0 Zusammenarbeit mit Dritten<br \/>Im Rahmen der Verarbeitung von personenbezogenen Daten von uns kann es sein, dass diese Daten an Dritte \u00fcbertragen werden. Das k\u00f6nnen auch Auftragsverarbeiter von uns sein. Dies erfolgt nur aufgrund gesetzlicher Erlaubnis, Sie in die Weitergabe eingewilligt haben, eine rechtliche Verpflichtung dies vorsieht oder unsere berechtigten Interessen gem. Art 6 Abs. 1 Satz 1 Buchst. F) DSGVO dies erlauben. Sofern Dritte auf Grundlage einer Auftragsverarbeitung von uns personenbezogene Daten erhalten, erfolgt diese \u00dcbertragung gem. Art. 28 DSGVO.<\/p><p>4.\u00a0\u00a0\u00a0\u00a0\u00a0\u00a0\u00a0 Verarbeitung in Drittl\u00e4ndern<br \/>Es kann sein, dass personenbezogene Daten im Rahmen der Verarbeitung bei uns in Drittl\u00e4nder, auch au\u00dferhalb der EU \u00fcbertragen werden. Sollte dies der Fall sein, erfolgt dies aufgrund unserer berechtigten Interessen, der von Ihnen vorliegenden Einwilligung, in Erf\u00fcllung der bestehenden (vor)vertraglichen Pflichten oder rechtlicher Vorgaben. Sofern die Verarbeitung in Drittl\u00e4ndern erfolgt, geschieht dies im Einklang mit Art 44 DSGVO, also aufgrund besonderer Garantien zur Einhaltung des in der EU geltenden Datenschutzniveaus, was in den USA u.a. durch das Privacy Shield geschieht oder durch Beachtung spezieller vertraglicher Verpflichtungen.<\/p><p>5.\u00a0\u00a0\u00a0\u00a0\u00a0\u00a0\u00a0 Datenl\u00f6schung und Speicherdauer<br \/>Die personenbezogenen Daten der betroffenen Person werden gel\u00f6scht oder gesperrt, sobald der Zweck der Speicherung entf\u00e4llt. Eine Speicherung kann dar\u00fcber hinaus erfolgen, wenn dies durch den europ\u00e4ischen oder nationalen Gesetzgeber in unionsrechtlichen Verordnungen, Gesetzen oder sonstigen Vorschriften, denen der Verantwortliche unterliegt, vorgesehen wurde. Eine Sperrung oder L\u00f6schung der Daten erfolgt auch dann, wenn eine durch die genannten Normen vorgeschriebene Speicherfrist abl\u00e4uft, es sei denn, dass eine Erforderlichkeit zur weiteren Speicherung der Daten f\u00fcr einen Vertragsabschluss oder eine Vertragserf\u00fcllung oder zur Erf\u00fcllung einer sonstigen rechtlichen Verpflichtung besteht.<\/p><p>V. Bildnachweis<\/p><p>Auf unserer Seite werden u.a. Stockmedien verwendet. Bei Fragen hierzu wenden Sie sich bitte an die Werbeagentur\u00a0<a href=\"http:\/\/www.44zehn.de\/\">44ZEHN GmbH<\/a>\u00a0\/ Email:\u00a0<a href=\"mailto:info@44zehn.de\">info@44zehn.de<\/a>\u00a0(Adobe Stock: stock.adobe.com)<\/p><p><b>VI. Bereitstellung der Website und Erstellung von Logfiles<\/b><br \/>1.\u00a0\u00a0\u00a0\u00a0\u00a0\u00a0\u00a0 Beschreibung und Umfang der Datenverarbeitung<br \/>Bei jedem Aufruf unserer Internetseite erfasst unser System automatisiert Daten und Informationen vom Computersystem des aufrufenden Rechners.<br \/>Folgende Daten werden hierbei erhoben:<\/p><p>(1)\u00a0\u00a0\u00a0\u00a0\u00a0\u00a0 Informationen \u00fcber den Browsertyp und die verwendete Version<br \/>(2)\u00a0\u00a0\u00a0\u00a0\u00a0\u00a0 Das Betriebssystem des Nutzers<br \/>(3)\u00a0\u00a0\u00a0\u00a0\u00a0\u00a0 Den Internet-Service-Provider des Nutzers<br \/>(4)\u00a0\u00a0\u00a0\u00a0\u00a0\u00a0 Die IP-Adresse des Nutzers, ggfls. die zuvor besuchte Webseite<br \/>(5)\u00a0\u00a0\u00a0\u00a0\u00a0\u00a0 Datum und Uhrzeit des Zugriffs<br \/>(6)\u00a0\u00a0\u00a0\u00a0\u00a0\u00a0 Websites, von denen das System des Nutzers auf unsere Internetseite gelangt<br \/>(7)\u00a0\u00a0\u00a0\u00a0\u00a0\u00a0 Websites, die vom System des Nutzers \u00fcber unsere Website aufgerufen werden<\/p><p>Die Daten werden ebenfalls in den Logfiles unseres Systems gespeichert. Eine Speicherung dieser Daten zusammen mit anderen personenbezogenen Daten des Nutzers findet nicht statt.<\/p><p>2.\u00a0\u00a0\u00a0\u00a0\u00a0\u00a0\u00a0 Rechtsgrundlage f\u00fcr die Datenverarbeitung<br \/>Rechtsgrundlage f\u00fcr die vor\u00fcbergehende Speicherung der Daten und der Logfiles ist Art. 6 Abs. 1 lit. f DSGVO.<\/p><p>3.\u00a0\u00a0\u00a0\u00a0\u00a0\u00a0\u00a0 Zweck der Datenverarbeitung<br \/>Die vor\u00fcbergehende Speicherung der IP-Adresse durch das System ist notwendig, um eine Auslieferung der Website an den Rechner des Nutzers zu erm\u00f6glichen. Hierf\u00fcr muss die IP-Adresse des Nutzers f\u00fcr die Dauer der Sitzung gespeichert bleiben.<\/p><p>Die Speicherung in Logfiles erfolgt, um die Funktionsf\u00e4higkeit der Website sicherzustellen. Zudem dienen uns die Daten zur Optimierung der Website und zur Sicherstellung der Sicherheit unserer informationstechnischen Systeme. Eine Auswertung der Daten zu Marketingzwecken findet in diesem Zusammenhang nicht statt. In diesen Zwecken liegt auch unser berechtigtes Interesse an der Datenverarbeitung nach Art.\u00a06 Abs.\u00a01 lit.\u00a0f DSGVO.<\/p><p>4.\u00a0\u00a0\u00a0\u00a0\u00a0\u00a0\u00a0 Dauer der Speicherung<br \/>Die Daten werden gel\u00f6scht, sobald sie f\u00fcr die Erreichung des Zweckes ihrer Erhebung nicht mehr erforderlich sind. Im Falle der Erfassung der Daten zur Bereitstellung der Website ist dies der Fall, wenn die jeweilige Sitzung beendet ist.<\/p><p>Im Falle der Speicherung der Daten in Logfiles ist dies nach sp\u00e4testens sieben Tagen der Fall. Eine dar\u00fcberhinausgehende Speicherung ist m\u00f6glich. In diesem Fall werden die IP-Adressen der Nutzer gel\u00f6scht oder verfremdet, sodass eine Zuordnung des aufrufenden Clients nicht mehr m\u00f6glich ist.<\/p><p>5.\u00a0\u00a0\u00a0\u00a0\u00a0\u00a0\u00a0 Widerspruchs- und Beseitigungsm\u00f6glichkeit<br \/>Die Erfassung der Daten zur Bereitstellung der Website und die Speicherung der Daten in Logfiles ist f\u00fcr den Betrieb der Internetseite zwingend erforderlich. Es besteht folglich seitens des Nutzers keine Widerspruchsm\u00f6glichkeit.<\/p><p><b>VII. Hostingleistungen<\/b><br \/>Wir nehmen Hosting-Dienstleistungen in Anspruch, die wir zum Zweck der Bereitstellung dieser Webseite und der damit verbundenen Dienste bei einem Partner (Dritter und Empf\u00e4nger von Daten) in Anspruch nehmen. Beim Hosting werden personenbezogene Daten verarbeitet, insbesondere die Daten aus den Logfiles, Cookies, aber auch Kommunikationsdaten aus den Kontaktformularen usw. von betroffenen Personen. Der Zweck der Verarbeitung liegt in der Bereitstellung des Online-Angebots. Darin liegt auch unser berechtigtes Interesse in der Verarbeitung der personenbezogenen Daten nach Art. 6 Abs. 1 lit. f DSGVO begr\u00fcndet. Die Daten werden sobald gel\u00f6scht, wie diese f\u00fcr die Bereitstellung des Angebots nicht mehr erforderlich sind. Es besteht seitens der Nutzer keine Widerspruchsm\u00f6glichkeit. Es liegt mit dem Partner eine Vereinbarung gem. Art. 28 DSGVO vor.<br \/>Unsere Webseite wird von dem Betreiber Strato\/Wordpress bereitgestellt und gehostet. Der Betreiber ist unter dem EU-US-Privacy-Shield-Abkommen gef\u00fchrt und t\u00e4tig. Mit der Nutzung der Webseite werden Daten an diesen Anbieter \u00fcbermittelt. Weitere Informationen zum Datenschutz bei diesem Anbieter unter:<\/p><p><a href=\"https:\/\/www.strato.de\/datenschutz\/\">https:\/\/www.strato.de\/datenschutz\/<\/a><\/p><p><a href=\"https:\/\/automattic.com\/de\/privacy\/\">https:\/\/automattic.com\/de\/privacy\/<\/a><\/p><p>Es kann zur \u00dcbermittlung von Daten in ein Drittland, wie die USA, Kanada, Gro\u00dfbritannien und der Schweiz kommen.<br \/><b>\u00a0<\/b><br \/><b>VIII. Verwendung von Cookies<\/b><\/p><p><b>a) Beschreibung und Umfang der Datenverarbeitung<\/b><br \/>Unsere Webseite verwendet Cookies. Bei Cookies handelt es sich um Textdateien, die im Internetbrowser bzw. vom Internetbrowser auf dem Computersystem des Nutzers gespeichert werden. Ruft ein Nutzer eine Website auf, so kann ein Cookie auf dem Betriebssystem des Nutzers gespeichert werden. Dieser Cookie enth\u00e4lt eine charakteristische Zeichenfolge, die eine eindeutige Identifizierung des Browsers beim erneuten Aufrufen der Website erm\u00f6glicht.<\/p><p>Wir setzen Cookies ein, um unsere Website nutzerfreundlicher zu gestalten. Einige Elemente unserer Internetseite erfordern es, dass der aufrufende Browser auch nach einem Seitenwechsel identifiziert werden kann. Wenn Sie nicht m\u00f6chten, dass Cookies gespeichert werden, dann werden Sie gebeten, die Einstellung in Ihrem eigenen Internet-Browser zu deaktivieren. Bitte beachten Sie, dass dann gegebenenfalls nicht alle Funktionen der Webseite in vollem Umfang genutzt werden k\u00f6nnen.<\/p><p>In den Cookies werden dabei folgende Daten gespeichert und \u00fcbermittelt:<br \/>Es folgt eine Auflistung der gespeicherten Daten. Beispiele k\u00f6nnen sein:<br \/>(1)\u00a0\u00a0\u00a0\u00a0\u00a0\u00a0 Spracheinstellungen<br \/>(2)\u00a0\u00a0\u00a0\u00a0\u00a0\u00a0 Log-In-Informationen<br \/>Falls zudem eine Verwendung technisch nicht notwendiger Cookies erfolgt:<br \/>Wir verwenden auf unserer Website dar\u00fcber hinaus Cookies, die eine Analyse des Surfverhaltens der Nutzer erm\u00f6glichen.<\/p><p>Auf diese Weise k\u00f6nnen folgende Daten \u00fcbermittelt werden:<br \/>Es folgt eine Auflistung der erhobenen Daten. Diese k\u00f6nnen beispielsweise sein:<br \/>(1)\u00a0\u00a0\u00a0\u00a0\u00a0\u00a0 Eingegebene Suchbegriffe<br \/>(2)\u00a0\u00a0\u00a0\u00a0\u00a0\u00a0 H\u00e4ufigkeit von Seitenaufrufen<br \/>(3)\u00a0\u00a0\u00a0\u00a0\u00a0\u00a0 Inanspruchnahme von Website-Funktionen<br \/>Die auf diese Weise erhobenen Daten der Nutzer werden durch technische Vorkehrungen pseudonymisiert. Daher ist eine Zuordnung der Daten zum aufrufenden Nutzer nicht mehr m\u00f6glich. Die Daten werden nicht gemeinsam mit sonstigen personenbezogenen Daten der Nutzer gespeichert.<\/p><p>Beim Aufruf unserer Website werden die Nutzer durch einen Infobanner \u00fcber die Verwendung von Cookies zu Analysezwecken informiert und auf diese Datenschutzerkl\u00e4rung verwiesen. Es erfolgt in diesem Zusammenhang auch ein Hinweis darauf, wie die Speicherung von Cookies in den Browsereinstellungen unterbunden werden kann.<\/p><p>Beim Aufruf unserer Website wird der Nutzer \u00fcber die Verwendung von Cookies zu Analysezwecken informiert und seine Einwilligung zur Verarbeitung der in diesem Zusammenhang verwendeten personenbezogenen Daten eingeholt. In diesem Zusammenhang erfolgt auch ein Hinweis auf diese Datenschutzerkl\u00e4rung.<\/p><p><b>b) Rechtsgrundlage f\u00fcr die Datenverarbeitung\u00a0<\/b><br \/>Die Rechtsgrundlage f\u00fcr die Verarbeitung personenbezogener Daten unter Verwendung von Cookies ist Art. 6 Abs. 1 lit. f DSGVO.<br \/>Die Rechtsgrundlage f\u00fcr die Verarbeitung personenbezogener Daten unter Verwendung technisch notweniger Cookies ist Art. 6 Abs. 1 lit. f DSGVO.<\/p><p>Die Rechtsgrundlage f\u00fcr die Verarbeitung personenbezogener Daten unter Verwendung von Cookies zu Analysezwecken ist bei Vorliegen einer diesbez\u00fcglichen Einwilligung des Nutzers Art. 6 Abs. 1 lit. a DSGVO.<\/p><p><b>c) Zweck der Datenverarbeitung<\/b><br \/>Der Zweck der Verwendung technisch notwendiger Cookies ist, die Nutzung von Websites f\u00fcr die Nutzer zu vereinfachen. Einige Funktionen unserer Internetseite k\u00f6nnen ohne den Einsatz von Cookies nicht angeboten werden. F\u00fcr diese ist es erforderlich, dass der Browser auch nach einem Seitenwechsel wiedererkannt wird.<br \/>F\u00fcr folgende Anwendungen ben\u00f6tigen wir Cookies:<br \/>Es folgt eine Auflistung der Anwendungen. Beispiele k\u00f6nnen sein:<br \/>(1)\u00a0\u00a0\u00a0\u00a0\u00a0\u00a0 \u00dcbernahme von Spracheinstellungen<br \/>(2)\u00a0\u00a0\u00a0\u00a0\u00a0\u00a0 Merken von Suchbegriffen<\/p><p>Die durch technisch notwendige Cookies erhobenen Nutzerdaten werden nicht zur Erstellung von Nutzerprofilen verwendet.<br \/>Die Verwendung der Analyse-Cookies erfolgt zu dem Zweck, die Qualit\u00e4t unserer Website und ihre Inhalte zu verbessern. Durch die Analyse-Cookies erfahren wir, wie die Website genutzt wird und k\u00f6nnen so unser Angebot stetig optimieren.<br \/>In diesen Zwecken liegt auch unser berechtigtes Interesse in der Verarbeitung der personenbezogenen Daten nach Art.\u00a06 Abs.\u00a01 lit.\u00a0f DSGVO.<\/p><p><b>e) Dauer der Speicherung, Widerspruchs- und Beseitigungsm\u00f6glichkeit<\/b><br \/>Cookies werden auf dem Rechner des Nutzers gespeichert und von diesem an unsere Seite \u00fcbermittelt. Daher haben Sie als Nutzer auch die volle Kontrolle \u00fcber die Verwendung von Cookies. Durch eine \u00c4nderung der Einstellungen in Ihrem Internetbrowser k\u00f6nnen Sie die \u00dcbertragung von Cookies deaktivieren oder einschr\u00e4nken. Bereits gespeicherte Cookies k\u00f6nnen jederzeit gel\u00f6scht werden. Dies kann auch automatisiert erfolgen. Werden Cookies f\u00fcr unsere Website deaktiviert, k\u00f6nnen m\u00f6glicherweise nicht mehr alle Funktionen der Website vollumf\u00e4nglich genutzt werden.<br \/>Die \u00dcbermittlung von Flash-Cookies l\u00e4sst sich nicht \u00fcber die Einstellungen des Browsers, jedoch durch \u00c4nderungen der Einstellung des Flash Players unterbinden.<\/p><p><b>IX. E-Mail-Kontakt sowie Frames und Verlinkungen<\/b><br \/>1.\u00a0\u00a0\u00a0\u00a0\u00a0\u00a0\u00a0\u00a0\u00a0\u00a0\u00a0\u00a0 Beschreibung und Umfang der Datenverarbeitung<br \/>Wenn Sie uns eine E-Mail senden, erfolgt dies direkt an die auf unserer Webseite angegebenen E-Mail-Adressen. Wir verwenden u.a. Kontaktformulare auf unserer Webseite. Die so an uns \u00fcbermittelten personenbezogenen Daten werden bei direkten Emails (Ansprechpartner) nicht von unserer Homepage an uns \u00fcbermittelt, sondern durch Nutzung Ihres E-Mail-Programms. In den Kontaktformularen werden lediglich die von Ihnen eingegebenen Daten an uns f\u00fcr einen Erstkontakt gesendet.\u00a0<br \/>2.\u00a0\u00a0\u00a0\u00a0\u00a0\u00a0\u00a0 Rechtsgrundlage f\u00fcr die Datenverarbeitung<br \/>Rechtsgrundlage f\u00fcr die Verarbeitung der Daten ist bei Vorliegen einer Einwilligung des Nutzers Art.\u00a06 Abs.\u00a01 lit.\u00a0a DSGVO. Rechtsgrundlage f\u00fcr die Verarbeitung der Daten, die im Zuge einer \u00dcbersendung einer E-Mail \u00fcbermittelt werden, ist Art.\u00a06 Abs.\u00a01 lit.\u00a0f DSGVO. Zielt der E-Mail-Kontakt auf den Abschluss eines Vertrages ab, so ist zus\u00e4tzliche Rechtsgrundlage f\u00fcr die Verarbeitung Art.\u00a06 Abs.\u00a01 lit.\u00a0b DSGVO.<br \/>3.\u00a0\u00a0\u00a0\u00a0\u00a0\u00a0\u00a0 Zweck der Datenverarbeitung<br \/>Die Verarbeitung der personenbezogenen Daten aus der Eingabemaske dient uns allein zur Bearbeitung der Kontaktaufnahme. Im Falle einer Kontaktaufnahme per E-Mail liegt hieran auch das erforderliche berechtigte Interesse an der Verarbeitung der Daten.<br \/>4.\u00a0\u00a0\u00a0\u00a0\u00a0\u00a0\u00a0 Dauer der Speicherung<br \/>Die Daten werden gel\u00f6scht, sobald sie f\u00fcr die Erreichung des Zweckes ihrer Erhebung nicht mehr erforderlich sind. F\u00fcr die personenbezogenen Daten aus der \u00fcbermittelten E-Mail ist dies dann der Fall, wenn die jeweilige Konversation beendet ist bzw. wenn eine vorvertragliche Ma\u00dfnahme oder ein Vertrag mit der Kontaktaufnahme verkn\u00fcpft ist, wenn diese abgelaufen ist und keine gesetzlichen Aufbewahrungsfristen mehr bestehen. Beendet ist die Konversation dann, wenn sich aus den Umst\u00e4nden entnehmen l\u00e4sst, dass der betroffene Sachverhalt abschlie\u00dfend gekl\u00e4rt ist. Wir \u00fcberpr\u00fcfen die Erforderlichkeit der weiteren Verarbeitung von Daten routinem\u00e4\u00dfig alle zwei Jahre und halten die gesetzlichen Aufbewahrungsfristen ein.<\/p><p>5.\u00a0\u00a0\u00a0\u00a0\u00a0\u00a0\u00a0 Widerspruchs- und Beseitigungsm\u00f6glichkeit<br \/>Der Nutzer hat jederzeit die M\u00f6glichkeit, seine Einwilligung zur Verarbeitung der personenbezogenen Daten zu widerrufen. Nimmt der Nutzer per E-Mail-Kontakt mit uns auf, so kann er der Speicherung seiner personenbezogenen Daten jederzeit widersprechen. In einem solchen Fall kann die Konversation nicht fortgef\u00fchrt werden. Der Widerruf erfolgt per E-Mail an <a href=\"mailto:info@rheingaumakler.de\">info@rheingaumakler.de<\/a><\/p><p>Alle personenbezogenen Daten, die im Zuge der Kontaktaufnahme gespeichert wurden, werden in diesem Fall gel\u00f6scht.<\/p><p>Wir weisen darauf hin, dass auf unserer Webseite auch Kontaktformulare\/iframes\/Verlinkungen externer Anbieter eingebunden sein k\u00f6nnen.<\/p><p>Es wird darauf hingewiesen, dass auf den Webseiten dieser Anbieter ebenfalls personenbezogene Daten erhoben und verarbeitet werden, wir aber keinen Zugriff auf den dortigen Widerruf oder die Abstellm\u00f6glichkeit haben. Die Weiterleitung der Daten erfolgt ausschlie\u00dflich zum Zweck der von der betroffenen Person durchgef\u00fchrten Anfrage. Rechtsgrundlage f\u00fcr die Verarbeitung der personenbezogenen Daten der Nutzer ist Art. 6 Abs. 1 lit. f DSGVO.<\/p><p><b>X. Google Fonts<\/b><\/p><p>Wir binden Schriften von Google ein (Google FONTS). Adresse des Anbieters Google Ireland Limited, Gordon House, Barrow Street, Dublin 4, Irland. Hier k\u00f6nnen personenbezogene Daten \u00fcbermittelt werden s. Google Analytics. Weitere Informationen finden Sie unter der Datenschutzerkl\u00e4rung\u00a0<a href=\"https:\/\/policies.google.com\/privacy?hl=de\">https:\/\/policies.google.com\/privacy?hl=de<\/a>. Es gibt die M\u00f6glichkeit des opt-outs unter folgendem link:\u00a0<a href=\"https:\/\/adssettings.google.com\/authenticated\">https:\/\/adssettings.google.com\/authenticated<\/a><\/p><p><b>XI. Google Maps<\/b><br \/>Wir binden Landkarten von Google ein (Google Maps). Adresse des Anbieters wie unter Google Fonts. Hier k\u00f6nnen personenbezogene Daten \u00fcbermittelt werden s. Google Analytics. Weitere Informationen finden Sie unter der Datenschutzerkl\u00e4rung\u00a0<a href=\"https:\/\/policies.google.com\/privacy?hl=de\">https:\/\/policies.google.com\/privacy?hl=de<\/a>.<br \/>Es gibt die M\u00f6glichkeit des Opt-outs unter folgendem Link:\u00a0<a href=\"https:\/\/adssettings.google.com\/authenticated\">https:\/\/adssettings.google.com\/authenticated<\/a><\/p><p><b>XII. Verwendung von etracker<\/b>\u00a0<br \/>Wir nutzen etracker zur Analyse unserer Webseite. Anbieter ist die etracker GmbH, Erste Brunnenstra\u00dfe 1 20459 Hamburg, Deutschland.<br \/>Wir weisen darauf hin, dass aus den Daten unter einem Pseudonym Nutzungsprofile erstellt werden k\u00f6nnen. Dazu k\u00f6nnen Cookies eingesetzt werden. Wir nutzen die mit den etracker-Technologien erhobenen Daten ohne die gesondert erteilte Zustimmung der betroffenen Person nicht, um Besucher unserer Website pers\u00f6nlich zu identifizieren. Die Daten werden nicht mit personenbezogenen Daten \u00fcber den Tr\u00e4ger des Pseudonyms zusammengef\u00fchrt.<\/p><p>Der Datenerhebung und -speicherung k\u00f6nnen Sie jederzeit mit Wirkung f\u00fcr die Zukunft widersprechen. Um einer Datenerhebung und -speicherung Ihrer Besucherdaten f\u00fcr die Zukunft zu widersprechen, k\u00f6nnen Sie unter dem folgenden Link ein Opt-Out-Cookie von etracker beziehen, dieser bewirkt, dass zuk\u00fcnftig keine Besucherdaten Ihres Browsers bei etracker erhoben und gespeichert werden:<br \/><a href=\"http:\/\/www.etracker.de\/privacy?et=V23Jbb\">http:\/\/www.etracker.de\/privacy?et=V23Jbb<\/a><\/p><p>Bei Nutzung des links wird ein Opt-Out-Cookie mit dem Namen \u201ecntcookie\u201c von etracker gesetzt. Bitte l\u00f6schen Sie diesen Cookie nicht, solange Sie Ihren Widerspruch aufrecht erhalten m\u00f6chten. Weitere Informationen finden Sie in den Datenschutzbestimmungen von etracker:\u00a0<a href=\"http:\/\/www.etracker.com\/de\/datenschutz.html\">http:\/\/www.etracker.com\/de\/datenschutz.html<\/a><\/p><p><b>XIII. Rechte der betroffenen Person<\/b><br \/>Werden personenbezogene Daten von Ihnen verarbeitet, sind Sie Betroffener im Sinn der DSGVO und es stehen Ihnen folgende Rechte gegen\u00fcber dem Verantwortlichen zu:<\/p><p>1.\u00a0\u00a0\u00a0\u00a0\u00a0\u00a0\u00a0 Auskunftsrecht<br \/>Sie k\u00f6nnen von dem Verantwortlichen eine Best\u00e4tigung dar\u00fcber verlangen, ob personenbezogene Daten, die Sie betreffen, von uns verarbeitet werden.<br \/>Liegt eine solche Verarbeitung vor, k\u00f6nnen Sie von dem Verantwortlichen \u00fcber folgende Informationen Auskunft verlangen:<br \/>(1)\u00a0\u00a0\u00a0\u00a0\u00a0\u00a0 die Zwecke, zu denen die personenbezogenen Daten verarbeitet werden;<br \/>(2)\u00a0\u00a0\u00a0\u00a0\u00a0\u00a0 die Kategorien von personenbezogenen Daten, welche verarbeitet werden;<br \/>(3)\u00a0\u00a0\u00a0\u00a0\u00a0\u00a0 die Empf\u00e4nger bzw. die Kategorien von Empf\u00e4ngern, gegen\u00fcber denen die Sie betreffenden personenbezogenen Daten offengelegt wurden oder noch offengelegt werden;<br \/>(4)\u00a0\u00a0\u00a0\u00a0\u00a0\u00a0 die geplante Dauer der Speicherung der Sie betreffenden personenbezogenen Daten oder, falls konkrete Angaben hierzu nicht m\u00f6glich sind, Kriterien f\u00fcr die Festlegung der Speicherdauer;<br \/>(5)\u00a0\u00a0\u00a0\u00a0\u00a0\u00a0 das Bestehen eines Rechts auf Berichtigung oder L\u00f6schung der Sie betreffenden personenbezogenen Daten, eines Rechts auf Einschr\u00e4nkung der Verarbeitung durch den Verantwortlichen oder eines Widerspruchsrechts gegen diese Verarbeitung;<br \/>(6)\u00a0\u00a0\u00a0\u00a0\u00a0\u00a0 das Bestehen eines Beschwerderechts bei einer Aufsichtsbeh\u00f6rde;<br \/>(7)\u00a0\u00a0\u00a0\u00a0\u00a0\u00a0 alle verf\u00fcgbaren Informationen \u00fcber die Herkunft der Daten, wenn die personenbezogenen Daten nicht bei der betroffenen Person erhoben werden;<br \/>(8)\u00a0\u00a0\u00a0\u00a0\u00a0\u00a0 das Bestehen einer automatisierten Entscheidungsfindung einschlie\u00dflich Profiling gem\u00e4\u00df Art.\u00a022 Abs.\u00a01 und 4 DSGVO und \u2013 zumindest in diesen F\u00e4llen \u2013 aussagekr\u00e4ftige Informationen \u00fcber die involvierte Logik sowie die Tragweite und die angestrebten Auswirkungen einer derartigen Verarbeitung f\u00fcr die betroffene Person. Es steht Ihnen das Recht zu, Auskunft dar\u00fcber zu verlangen, ob die Sie betreffenden personenbezogenen Daten in ein Drittland oder an eine internationale Organisation \u00fcbermittelt werden. In diesem Zusammenhang k\u00f6nnen Sie verlangen, \u00fcber die geeigneten Garantien gem. Art.\u00a046 DSGVO im Zusammenhang mit der \u00dcbermittlung unterrichtet zu werden.<\/p><p>2.\u00a0\u00a0\u00a0\u00a0\u00a0\u00a0\u00a0 Recht auf Berichtigung<br \/>Sie haben ein Recht auf Berichtigung und\/oder Vervollst\u00e4ndigung gegen\u00fcber dem Verantwortlichen, sofern die verarbeiteten personenbezogenen Daten, die Sie betreffen, unrichtig oder unvollst\u00e4ndig sind. Der Verantwortliche hat die Berichtigung unverz\u00fcglich vorzunehmen.<br \/>3.\u00a0\u00a0\u00a0\u00a0\u00a0\u00a0\u00a0 Recht auf Einschr\u00e4nkung der Verarbeitung<br \/>Unter den folgenden Voraussetzungen k\u00f6nnen Sie die Einschr\u00e4nkung der Verarbeitung der Sie betreffenden personenbezogenen Daten verlangen:<br \/>(1)\u00a0\u00a0\u00a0\u00a0\u00a0\u00a0 wenn Sie die Richtigkeit der Sie betreffenden personenbezogenen Daten f\u00fcr eine Dauer bestreiten, die es dem Verantwortlichen erm\u00f6glicht, die Richtigkeit der personenbezogenen Daten zu \u00fcberpr\u00fcfen;<br \/>(2)\u00a0\u00a0\u00a0\u00a0\u00a0\u00a0 die Verarbeitung unrechtm\u00e4\u00dfig ist und Sie die L\u00f6schung der personenbezogenen Daten ablehnen und stattdessen die Einschr\u00e4nkung der Nutzung der personenbezogenen Daten verlangen;<br \/>(3)\u00a0\u00a0\u00a0\u00a0\u00a0\u00a0 der Verantwortliche die personenbezogenen Daten f\u00fcr die Zwecke der Verarbeitung nicht l\u00e4nger ben\u00f6tigt, Sie diese jedoch zur Geltendmachung, Aus\u00fcbung oder Verteidigung von Rechtsanspr\u00fcchen ben\u00f6tigen, oder<br \/>(4)\u00a0\u00a0\u00a0\u00a0\u00a0\u00a0 wenn Sie Widerspruch gegen die Verarbeitung gem\u00e4\u00df Art.\u00a021 Abs.\u00a01 DSGVO eingelegt haben und noch nicht feststeht, ob die berechtigten Gr\u00fcnde des Verantwortlichen gegen\u00fcber Ihren Gr\u00fcnden \u00fcberwiegen.<\/p><p>Wurde die Verarbeitung der Sie betreffenden personenbezogenen Daten eingeschr\u00e4nkt, d\u00fcrfen diese Daten \u2013 von ihrer Speicherung abgesehen \u2013 nur mit Ihrer Einwilligung oder zur Geltendmachung, Aus\u00fcbung oder Verteidigung von Rechtsanspr\u00fcchen oder zum Schutz der Rechte einer anderen nat\u00fcrlichen oder juristischen Person oder aus Gr\u00fcnden eines wichtigen \u00f6ffentlichen Interesses der Union oder eines Mitgliedstaats verarbeitet werden.Wurde die Einschr\u00e4nkung der Verarbeitung nach den o.g. Voraussetzungen eingeschr\u00e4nkt, werden Sie von dem Verantwortlichen unterrichtet bevor die Einschr\u00e4nkung aufgehoben wird.<br \/>4.\u00a0\u00a0\u00a0\u00a0\u00a0\u00a0\u00a0 Recht auf L\u00f6schung<br \/>a)\u00a0\u00a0\u00a0\u00a0\u00a0\u00a0\u00a0 L\u00f6schungspflicht<br \/>Sie k\u00f6nnen von dem Verantwortlichen verlangen, dass die Sie betreffenden personenbezogenen Daten unverz\u00fcglich gel\u00f6scht werden.<\/p><p>Der Verantwortliche ist verpflichtet, diese Daten unverz\u00fcglich zu l\u00f6schen, sofern einer der folgenden Gr\u00fcnde zutrifft:<br \/>(1)\u00a0\u00a0\u00a0\u00a0\u00a0\u00a0 Die Sie betreffenden personenbezogenen Daten sind f\u00fcr die Zwecke, f\u00fcr die sie erhoben oder auf sonstige Weise verarbeitet wurden, nicht mehr notwendig.<br \/>(2)\u00a0\u00a0\u00a0\u00a0\u00a0\u00a0 Sie widerrufen Ihre Einwilligung, auf die sich die Verarbeitung gem. Art.\u00a06 Abs.\u00a01 lit.\u00a0a oder Art.\u00a09 Abs.\u00a02 lit.\u00a0a DSGVO st\u00fctzte, und es fehlt an einer anderweitigen Rechtsgrundlage f\u00fcr die Verarbeitung.<br \/>(3)\u00a0\u00a0\u00a0\u00a0\u00a0\u00a0 Sie legen gem. Art.\u00a021 Abs.\u00a01 DSGVO Widerspruch gegen die Verarbeitung ein und es liegen keine vorrangigen berechtigten Gr\u00fcnde f\u00fcr die Verarbeitung vor, oder Sie legen gem. Art.\u00a021 Abs.\u00a02 DSGVO Widerspruch gegen die Verarbeitung ein.<br \/>(4)\u00a0\u00a0\u00a0\u00a0\u00a0\u00a0 Die Sie betreffenden personenbezogenen Daten wurden unrechtm\u00e4\u00dfig verarbeitet.<br \/>(5)\u00a0\u00a0\u00a0\u00a0\u00a0\u00a0 Die L\u00f6schung der Sie betreffenden personenbezogenen Daten ist zur Erf\u00fcllung einer rechtlichen Verpflichtung nach dem Unionsrecht oder dem Recht der Mitgliedstaaten erforderlich, dem der Verantwortliche unterliegt.<br \/>(6)\u00a0\u00a0\u00a0\u00a0\u00a0\u00a0 \u00a0\u00a0\u00a0\u00a0\u00a0\u00a0\u00a0\u00a0\u00a0\u00a0\u00a0 Die Sie betreffenden personenbezogenen Daten wurden in Bezug auf angebotene Dienste der Informationsgesellschaft gem\u00e4\u00df Art.\u00a08 Abs.\u00a01 DSGVO erhoben.<\/p><p>b)\u00a0\u00a0\u00a0\u00a0\u00a0\u00a0\u00a0 Information an Dritte<\/p><p>Hat der Verantwortliche die Sie betreffenden personenbezogenen Daten \u00f6ffentlich gemacht und ist er gem. Art.\u00a017 Abs.\u00a01 DSGVO zu deren L\u00f6schung verpflichtet, so trifft er unter Ber\u00fccksichtigung der verf\u00fcgbaren Technologie und der Implementierungskosten angemessene Ma\u00dfnahmen, auch technischer Art, um f\u00fcr die Datenverarbeitung Verantwortliche, die die personenbezogenen Daten verarbeiten, dar\u00fcber zu informieren, dass Sie als betroffene Person von ihnen die L\u00f6schung aller Links zu diesen personenbezogenen Daten oder von Kopien oder Replikationen dieser personenbezogenen Daten verlangt haben.<\/p><p>c)\u00a0\u00a0\u00a0\u00a0\u00a0\u00a0\u00a0 Ausnahmen<\/p><p>Das Recht auf L\u00f6schung besteht nicht, soweit die Verarbeitung erforderlich ist<br \/>(1)\u00a0\u00a0\u00a0\u00a0\u00a0\u00a0 zur Aus\u00fcbung des Rechts auf freie Meinungs\u00e4u\u00dferung und Information;<br \/>(2)\u00a0\u00a0\u00a0\u00a0\u00a0\u00a0 zur Erf\u00fcllung einer rechtlichen Verpflichtung, die die Verarbeitung nach dem Recht der Union oder der Mitgliedstaaten, dem der Verantwortliche unterliegt, erfordert, oder zur Wahrnehmung einer Aufgabe, die im \u00f6ffentlichen Interesse liegt oder in Aus\u00fcbung \u00f6ffentlicher Gewalt erfolgt, die dem Verantwortlichen \u00fcbertragen wurde;<br \/>(3)\u00a0\u00a0\u00a0\u00a0\u00a0\u00a0 aus Gr\u00fcnden des \u00f6ffentlichen Interesses im Bereich der \u00f6ffentlichen Gesundheit gem\u00e4\u00df Art.\u00a09 Abs.\u00a02 lit.\u00a0h und i sowie Art.\u00a09 Abs.\u00a03 DSGVO;<br \/>(4)\u00a0\u00a0\u00a0\u00a0\u00a0\u00a0 f\u00fcr im \u00f6ffentlichen Interesse liegende Archivzwecke, wissenschaftliche oder historische Forschungszwecke oder f\u00fcr statistische Zwecke gem. Art.\u00a089 Abs.\u00a01 DSGVO, soweit das unter Abschnitt a) genannte Recht voraussichtlich die Verwirklichung der Ziele dieser Verarbeitung unm\u00f6glich macht oder ernsthaft beeintr\u00e4chtigt, oder<br \/>(5)\u00a0\u00a0\u00a0\u00a0\u00a0\u00a0 zur Geltendmachung, Aus\u00fcbung oder Verteidigung von Rechtsanspr\u00fcchen.<br \/>5.\u00a0\u00a0\u00a0\u00a0\u00a0\u00a0\u00a0 Recht auf UnterrichtungHaben Sie das Recht auf Berichtigung, L\u00f6schung oder Einschr\u00e4nkung der Verarbeitung gegen\u00fcber dem Verantwortlichen geltend gemacht, ist dieser verpflichtet, allen Empf\u00e4ngern, denen die Sie betreffenden personenbezogenen Daten offengelegt wurden, diese Berichtigung oder L\u00f6schung der Daten oder Einschr\u00e4nkung der Verarbeitung mitzuteilen, es sei denn, dies erweist sich als unm\u00f6glich oder ist mit einem unverh\u00e4ltnism\u00e4\u00dfigen Aufwand verbunden.<br \/>Ihnen steht gegen\u00fcber dem Verantwortlichen das Recht zu, \u00fcber diese Empf\u00e4nger unterrichtet zu werden.<br \/>6.\u00a0\u00a0\u00a0\u00a0\u00a0\u00a0\u00a0 Recht auf Daten\u00fcbertragbarkeitSie haben das Recht, die Sie betreffenden personenbezogenen Daten, die Sie dem Verantwortlichen bereitgestellt haben, in einem strukturierten, g\u00e4ngigen und maschinenlesbaren Format zu erhalten. Au\u00dferdem haben Sie das Recht diese Daten einem anderen Verantwortlichen ohne Behinderung durch den Verantwortlichen, dem die personenbezogenen Daten bereitgestellt wurden, zu \u00fcbermitteln, sofern<\/p><p>(1)\u00a0\u00a0\u00a0\u00a0\u00a0\u00a0 die Verarbeitung auf einer Einwilligung gem. Art.\u00a06 Abs.\u00a01 lit.\u00a0a DSGVO oder Art.\u00a09 Abs.\u00a02 lit.\u00a0a DSGVO oder auf einem Vertrag gem. Art.\u00a06 Abs.\u00a01 lit.\u00a0b DSGVO beruht und<br \/>(2)\u00a0\u00a0\u00a0\u00a0\u00a0\u00a0 die Verarbeitung mithilfe automatisierter Verfahren erfolgt.<br \/>In Aus\u00fcbung dieses Rechts haben Sie ferner das Recht, zu erwirken, dass die Sie betreffenden personenbezogenen Daten direkt von einem Verantwortlichen einem anderen Verantwortlichen \u00fcbermittelt werden, soweit dies technisch machbar ist. Freiheiten und Rechte anderer Personen d\u00fcrfen hierdurch nicht beeintr\u00e4chtigt werden.<br \/>Das Recht auf Daten\u00fcbertragbarkeit gilt nicht f\u00fcr eine Verarbeitung personenbezogener Daten, die f\u00fcr die Wahrnehmung einer Aufgabe erforderlich ist, die im \u00f6ffentlichen Interesse liegt oder in Aus\u00fcbung \u00f6ffentlicher Gewalt erfolgt, die dem Verantwortlichen \u00fcbertragen wurde.<\/p><p>7.\u00a0\u00a0\u00a0\u00a0\u00a0\u00a0\u00a0 Widerspruchsrecht<br \/>Sie haben das Recht, aus Gr\u00fcnden, die sich aus Ihrer besonderen Situation ergeben, jederzeit gegen die Verarbeitung der Sie betreffenden personenbezogenen Daten, die aufgrund von Art.\u00a06 Abs.\u00a01 lit.\u00a0e oder f DSGVO erfolgt, Widerspruch einzulegen; dies gilt auch f\u00fcr ein auf diese Bestimmungen gest\u00fctztes Profiling.<br \/>Der Verantwortliche verarbeitet die Sie betreffenden personenbezogenen Daten nicht mehr, es sei denn, er kann zwingende schutzw\u00fcrdige Gr\u00fcnde f\u00fcr die Verarbeitung nachweisen, die Ihre Interessen, Rechte und Freiheiten \u00fcberwiegen, oder die Verarbeitung dient der Geltendmachung, Aus\u00fcbung oder Verteidigung von Rechtsanspr\u00fcchen.<br \/>Werden die Sie betreffenden personenbezogenen Daten verarbeitet, um Direktwerbung zu betreiben, haben Sie das Recht, jederzeit Widerspruch gegen die Verarbeitung der Sie betreffenden personenbezogenen Daten zum Zwecke derartiger Werbung einzulegen; dies gilt auch f\u00fcr das Profiling, soweit es mit solcher Direktwerbung in Verbindung steht.<br \/>Widersprechen Sie der Verarbeitung f\u00fcr Zwecke der Direktwerbung, so werden die Sie betreffenden personenbezogenen Daten nicht mehr f\u00fcr diese Zwecke verarbeitet.<br \/>Sie haben die M\u00f6glichkeit, im Zusammenhang mit der Nutzung von Diensten der Informationsgesellschaft \u2013 ungeachtet der Richtlinie 2002\/58\/EG \u2013 Ihr Widerspruchsrecht mittels automatisierter Verfahren auszu\u00fcben, bei denen technische Spezifikationen verwendet werden.<br \/>8.\u00a0\u00a0\u00a0\u00a0\u00a0\u00a0\u00a0 Recht auf Widerruf der datenschutzrechtlichen Einwilligungserkl\u00e4rung<br \/>Sie haben das Recht, Ihre datenschutzrechtliche Einwilligungserkl\u00e4rung jederzeit zu widerrufen. Durch den Widerruf der Einwilligung wird die Rechtm\u00e4\u00dfigkeit der aufgrund der Einwilligung bis zum Widerruf erfolgten Verarbeitung nicht ber\u00fchrt.<br \/>9.\u00a0\u00a0\u00a0\u00a0\u00a0\u00a0\u00a0 Automatisierte Entscheidung im Einzelfall einschlie\u00dflich Profiling<br \/>Sie haben das Recht, nicht einer ausschlie\u00dflich auf einer automatisierten Verarbeitung \u2013 einschlie\u00dflich Profiling \u2013 beruhenden Entscheidung unterworfen zu werden, die Ihnen gegen\u00fcber rechtliche Wirkung entfaltet oder Sie in \u00e4hnlicher Weise erheblich beeintr\u00e4chtigt. Dies gilt nicht, wenn die Entscheidung<br \/>(1)\u00a0\u00a0\u00a0\u00a0\u00a0\u00a0 f\u00fcr den Abschluss oder die Erf\u00fcllung eines Vertrags zwischen Ihnen und dem Verantwortlichen erforderlich ist,<br \/>(2)\u00a0\u00a0\u00a0\u00a0\u00a0\u00a0 aufgrund von Rechtsvorschriften der Union oder der Mitgliedstaaten, denen der Verantwortliche unterliegt, zul\u00e4ssig ist und diese Rechtsvorschriften angemessene Ma\u00dfnahmen zur Wahrung Ihrer Rechte und Freiheiten sowie Ihrer berechtigten Interessen enthalten oder<br \/>(3)\u00a0\u00a0\u00a0\u00a0\u00a0\u00a0 mit Ihrer ausdr\u00fccklichen Einwilligung erfolgt.<br \/>Allerdings d\u00fcrfen diese Entscheidungen nicht auf besonderen Kategorien personenbezogener Daten nach Art.\u00a09 Abs.\u00a01 DSGVO beruhen, sofern nicht Art.\u00a09 Abs.\u00a02 lit.\u00a0a oder g DSGVO gilt und angemessene Ma\u00dfnahmen zum Schutz der Rechte und Freiheiten sowie Ihrer berechtigten Interessen getroffen wurden.<br \/>Hinsichtlich der in (1) und (3) genannten F\u00e4lle trifft der Verantwortliche angemessene Ma\u00dfnahmen, um die Rechte und Freiheiten sowie Ihre berechtigten Interessen zu wahren, wozu mindestens das Recht auf Erwirkung des Eingreifens einer Person seitens des Verantwortlichen, auf Darlegung des eigenen Standpunkts und auf Anfechtung der Entscheidung geh\u00f6rt.<br \/>10.\u00a0\u00a0\u00a0 Recht auf Beschwerde bei einer Aufsichtsbeh\u00f6rde<br \/>Unbeschadet eines anderweitigen verwaltungsrechtlichen oder gerichtlichen Rechtsbehelfs steht Ihnen das Recht auf Beschwerde bei einer Aufsichtsbeh\u00f6rde, insbesondere in dem Mitgliedstaat ihres Aufenthaltsorts, ihres Arbeitsplatzes oder des Orts des mutma\u00dflichen Versto\u00dfes, zu, wenn Sie der Ansicht sind, dass die Verarbeitung der Sie betreffenden personenbezogenen Daten gegen die DSGVO verst\u00f6\u00dft.<br \/>Die Aufsichtsbeh\u00f6rde, bei der die Beschwerde eingereicht wurde, unterrichtet den Beschwerdef\u00fchrer \u00fcber den Stand und die Ergebnisse der Beschwerde einschlie\u00dflich der M\u00f6glichkeit eines gerichtlichen Rechtsbehelfs nach Art.\u00a078 DSGVO.<\/p><p><b>Facebook Datenschutzerkl\u00e4rung<\/b><\/p><p>Wir verwenden auf unserer Webseite ausgew\u00e4hlte Tools von Facebook. Facebook ist ein Social Media Network des Unternehmens Facebook Ireland Ltd., 4 Grand Canal Square, Grand Canal Harbour, Dublin 2 Ireland. Mithilfe dieser Tools k\u00f6nnen wir Ihnen und Menschen, die sich f\u00fcr unsere Produkte und Dienstleistungen interessieren, das bestm\u00f6gliche Angebot bieten. Im Folgenden geben wir einen \u00dcberblick \u00fcber die verschiedenen Facebook Tools, welche Daten an Facebook gesendet werden und wie Sie diese Daten l\u00f6schen k\u00f6nnen.<\/p><p><b>Was sind Facebook-Tools?<\/b><\/p><p>Neben vielen anderen Produkten bietet Facebook auch die sogenannten \u201cFacebook Business Tools\u201d an.\u00a0Das ist die offizielle Bezeichnung von Facebook. Da der Begriff aber kaum bekannt ist, haben wir uns daf\u00fcr entschieden, sie lediglich Facebook-Tools zu nennen. Darunter finden sich unter anderem:<\/p><ul><li>Facebook-Pixel<\/li><li>soziale Plug-ins (wie z.B der \u201eGef\u00e4llt mir\u201c- oder \u201eTeilen\u201c-Button)<\/li><li>Facebook Login<\/li><li>Account Kit<\/li><li>APIs (Programmierschnittstelle)<\/li><li>SDKs (Sammlung von Programmierwerkzeugen)<\/li><li>Plattform-Integrationen<\/li><li>Plugins<\/li><li>Codes<\/li><li>Spezifikationen<\/li><li>Dokumentationen<\/li><li>Technologien und Dienstleistungen<\/li><\/ul><p>Durch diese Tools erweitert Facebook Dienstleistungen und hat die M\u00f6glichkeit, Informationen \u00fcber User-Aktivit\u00e4ten au\u00dferhalb von Facebook zu erhalten.<\/p><p><b>Warum verwenden wir Facebook-Tools auf unserer Webseite?<\/b><\/p><p>Wir wollen unsere Dienstleistungen und Produkte nur Menschen zeigen, die sich auch wirklich daf\u00fcr interessieren. Mithilfe von Werbeanzeigen (Facebook-Ads) k\u00f6nnen wir genau diese Menschen erreichen. Damit den Usern passende Werbung gezeigt werden kann, ben\u00f6tigt Facebook allerdings Informationen \u00fcber die W\u00fcnsche und Bed\u00fcrfnisse der Menschen. So werden dem Unternehmen\u00a0Informationen \u00fcber das Userverhalten (und Kontaktdaten) auf unserer Webseite zur Verf\u00fcgung gestellt. Dadurch sammelt Facebook bessere User-Daten und kann interessierten Menschen die passende Werbung \u00fcber unsere Produkte bzw. Dienstleistungen anzeigen. Die Tools erm\u00f6glichen somit ma\u00dfgeschneiderte Werbekampagnen auf Facebook.<\/p><p>Daten \u00fcber Ihr Verhalten auf unserer Webseite nennt Facebook \u201eEvent-Daten\u201c. Diese werden auch f\u00fcr Messungs- und Analysedienste verwendet. Facebook kann so in unserem Auftrag \u201eKampagnenberichte\u201c \u00fcber die Wirkung unserer Werbekampagnen erstellen. Weiters bekommen wir durch Analysen einen besseren Einblick, wie Sie unsere Dienstleistungen, Webseite oder Produkte verwenden. Dadurch optimieren wir mit einigen dieser Tools Ihre Nutzererfahrung auf unserer Webseite. Beispielsweise k\u00f6nnen Sie mit den sozialen Plug-ins Inhalte auf unserer Seite direkt auf Facebook teilen.<\/p><p><b>Welche Daten werden von Facebook-Tools gespeichert?<\/b><\/p><p>Durch die Nutzung einzelner Facebook-Tools k\u00f6nnen personenbezogene Daten (Kundendaten) an Facebook gesendet werden. Abh\u00e4ngig von den benutzten Tools k\u00f6nnen Kundendaten wie Name, Adresse, Telefonnummer und IP-Adresse versandt werden.<\/p><p>Facebook verwendet diese Informationen, um die Daten mit den Daten, die es selbst von Ihnen hat (sofern Sie Facebook-Mitglied sind) abzugleichen. Bevor Kundendaten an Facebook \u00fcbermittelt werden, erfolgt ein sogenanntes \u201eHashing\u201c. Das bedeutet, dass ein beliebig gro\u00dfer Datensatz in eine Zeichenkette transformiert wird. Dies dient auch der Verschl\u00fcsselung von Daten.<\/p><p>Neben den Kontaktdaten werden auch \u201eEvent-Daten\u201c \u00fcbermittelt. Unter \u201eEvent-Daten\u201c sind jene Informationen gemeint, die wir \u00fcber Sie auf unserer Webseite erhalten. Zum Beispiel, welche Unterseiten Sie besuchen oder welche Produkte Sie bei uns kaufen. Facebook teilt die erhaltenen Informationen nicht mit Drittanbietern (wie beispielsweise Werbetreibende), au\u00dfer das Unternehmen hat eine explizite Genehmigung oder ist rechtlich dazu verpflichtet. \u201eEvent-Daten\u201c k\u00f6nnen auch mit Kontaktdaten verbunden werden. Dadurch kann Facebook bessere personalisierte Werbung anbieten. Nach dem bereits erw\u00e4hnten Abgleichungsprozess l\u00f6scht Facebook die Kontaktdaten wieder.<\/p><p>Um Werbeanzeigen optimiert ausliefern zu k\u00f6nnen, verwendet Facebook die Event-Daten nur, wenn diese mit anderen Daten (die auf andere Weise von Facebook erfasst wurden) zusammengefasst wurden. Diese Event-Daten n\u00fctzt Facebook auch f\u00fcr Sicherheits-, Schutz-, Entwicklungs- und Forschungszwecken. Viele dieser Daten werden \u00fcber Cookies zu Facebook \u00fcbertragen. Cookies sind kleine Text-Dateien, die zum Speichern von Daten bzw. Informationen in Browsern verwendet werden. Je nach verwendeten Tools und abh\u00e4ngig, ob Sie Facebook-Mitglied sind, werden unterschiedlich viele Cookies in Ihrem Browser angelegt. In den Beschreibungen der einzelnen Facebook Tools gehen wir n\u00e4her auf einzelne Facebook-Cookies ein. Allgemeine Informationen \u00fcber die Verwendung von Facebook-Cookies erfahren Sie auch auf <a href=\"https:\/\/www.facebook.com\/policies\/cookies?tid=311252248\">https:\/\/www.facebook.com\/policies\/cookies<\/a>.<\/p><p><b>Wie lange und wo werden die Daten gespeichert?<\/b><\/p><p>Grunds\u00e4tzlich speichert Facebook Daten bis sie nicht mehr f\u00fcr die eigenen Dienste und Facebook-Produkte ben\u00f6tigt werden. Facebook hat auf der ganzen Welt Server verteilt, wo Ihre Daten gespeichert werden. Kundendaten werden allerdings, nachdem sie mit den eigenen Userdaten abgeglichen wurden, innerhalb von 48 Stunden gel\u00f6scht.<\/p><p><b>Wie kann ich meine Daten l\u00f6schen bzw. die Datenspeicherung verhindern?<\/b><\/p><p>Entsprechend der Datenschutz Grundverordnung haben Sie das Recht auf Auskunft, Berichtigung, \u00dcbertragbarkeit und L\u00f6schung Ihrer Daten.<\/p><p>Eine komplette L\u00f6schung der Daten erfolgt nur, wenn Sie Ihr Facebook-Konto vollst\u00e4ndig l\u00f6schen. Und so funktioniert das L\u00f6schen Ihres Facebook-Kontos:<\/p><p>1) Klicken Sie rechts bei Facebook auf Einstellungen.<\/p><p>2) Anschlie\u00dfend klicken Sie in der linken Spalte auf \u201eDeine Facebook-Informationen\u201c.<\/p><p>3) Nun klicken Sie \u201cDeaktivierung und L\u00f6schung\u201d.<\/p><p>4) W\u00e4hlen Sie jetzt \u201eKonto l\u00f6schen\u201c und klicken Sie dann auf \u201eWeiter und Konto l\u00f6schen\u201c<\/p><p>5) Geben Sie nun Ihr Passwort ein, klicken Sie auf \u201eWeiter\u201c und dann auf \u201eKonto l\u00f6schen\u201c<\/p><p>Die Speicherung der Daten, die Facebook \u00fcber unsere Seite erh\u00e4lt, erfolgt unter anderem \u00fcber Cookies (z.B. bei sozialen Plugins). In Ihrem Browser k\u00f6nnen Sie einzelne oder alle Cookies deaktivieren, l\u00f6schen oder verwalten. Je nach dem welchen Browser Sie verwenden, funktioniert dies auf unterschiedliche Art und Weise. Die folgenden Anleitungen zeigen, wie Sie Cookies in Ihrem Browser verwalten:<\/p><p><a href=\"https:\/\/support.google.com\/chrome\/answer\/95647?tid=311252248\">Chrome: Cookies in Chrome l\u00f6schen, aktivieren und verwalten<\/a><\/p><p><a href=\"https:\/\/support.apple.com\/de-at\/guide\/safari\/sfri11471\/mac?tid=311252248\">Safari: Verwalten von Cookies und Websitedaten mit Safari<\/a><\/p><p><a href=\"https:\/\/support.mozilla.org\/de\/kb\/cookies-und-website-daten-in-firefox-loschen?tid=311252248\">Firefox: Cookies l\u00f6schen, um Daten zu entfernen, die Websites auf Ihrem Computer abgelegt haben<\/a><\/p><p><a href=\"https:\/\/support.microsoft.com\/de-at\/help\/17442\/windows-internet-explorer-delete-manage-cookies?tid=311252248\">Internet Explorer: L\u00f6schen und Verwalten von Cookies<\/a><\/p><p><a href=\"https:\/\/support.microsoft.com\/de-at\/help\/4027947\/windows-delete-cookies?tid=311252248\">Microsoft Edge: L\u00f6schen und Verwalten von Cookies<\/a><\/p><p>Falls Sie grunds\u00e4tzlich keine Cookies haben wollen, k\u00f6nnen Sie Ihren Browser so einrichten, dass er Sie immer informiert, wenn ein Cookie gesetzt werden soll. So k\u00f6nnen Sie bei jedem einzelnen Cookie entscheiden, ob Sie es erlauben oder nicht.<\/p><p>Facebook ist aktiver Teilnehmer beim EU-U.S. Privacy Shield Framework, wodurch der korrekte und sichere Datentransfer pers\u00f6nlicher Daten geregelt wird. Mehr Informationen dazu finden Sie auf <a href=\"https:\/\/www.privacyshield.gov\/participant?id=a2zt0000000GnywAAC\">https:\/\/www.privacyshield.gov\/participant?id=a2zt0000000GnywAAC<\/a>. Wir hoffen wir haben Ihnen die wichtigsten Informationen \u00fcber die Nutzung und Datenverarbeitung durch die Facebook-Tools n\u00e4hergebracht. Wenn Sie mehr dar\u00fcber erfahren wollen, wie Facebook Ihre Daten verwendet, empfehlen wir Ihnen die Datenrichtlinien auf <a href=\"https:\/\/www.facebook.com\/about\/privacy\/update\">https:\/\/www.facebook.com\/about\/privacy\/update<\/a>.<\/p><p><b>Facebook Soziale Plug-ins Datenschutzerkl\u00e4rung<\/b><\/p><p>Auf unserer Webseite sind sogenannte soziale Plug-ins des Unternehmens Facebook Inc. eingebaut. Sie erkennen diese Buttons am klassischen Facebook-Logo, wie dem \u201eGef\u00e4llt mir\u201c-Button (die Hand mit erhobenem Daumen) oder an einer eindeutigen \u201eFacebook Plug-in\u201c-Kennzeichnung. Ein soziales Plug-in ist ein kleiner Teil von Facebook, der in unsere Seite integriert ist. Jedes Plug-in hat eine eigene Funktion. Die am meisten verwendeten Funktionen sind die bekannten \u201cGef\u00e4llt mir\u201d- und \u201cTeilen\u201d-Buttons.<\/p><p>Folgende soziale Plug-ins werden von Facebook angeboten:<\/p><ul><li>\u201cSpeichern\u201d-Button<\/li><li>\u201cGef\u00e4llt mir\u201d-Button, Teilen, Senden und Zitat<\/li><li>Seiten-Plug-in<\/li><li>Kommentare<\/li><li>Messenger-Plug-in<\/li><li>Eingebettete Beitr\u00e4ge und Videoplayer<\/li><li>Gruppen-Plug-in<\/li><\/ul><p>Auf <a href=\"https:\/\/developers.facebook.com\/docs\/plugins\">https:\/\/developers.facebook.com\/docs\/plugins<\/a> erhalten Sie n\u00e4here Informationen, wie die einzelnen Plug-ins verwendet werden. Wir n\u00fctzen die sozialen Plug-ins einerseits, um Ihnen ein besseres Usererlebnis auf unserer Seite zu bieten, andererseits weil Facebook dadurch unsere Werbeanzeigen optimieren kann.<\/p><p>Sofern Sie ein Facebook-Konto haben oder <a href=\"https:\/\/www.facebook.com\/\">facebook.com<\/a> schon mal besucht haben, hat Facebook bereits mindestens ein Cookie in Ihrem Browser gesetzt. In diesem Fall sendet Ihr Browser \u00fcber dieses Cookie Informationen an Facebook, sobald Sie unsere Seite besuchen bzw. mit sozialen Plug-ins (z.B. dem \u201eGef\u00e4llt mir\u201c-Button) interagieren.<\/p><p>Die erhaltenen Informationen werden innerhalb von 90 Tagen wieder gel\u00f6scht bzw. anonymisiert. Laut Facebook geh\u00f6ren zu diesen Daten Ihre IP-Adresse, welche Webseite Sie besucht haben, das Datum, die Uhrzeit und weitere Informationen, die Ihren Browser betreffen.<\/p><p>Um zu verhindern, dass Facebook w\u00e4hrend Ihres Besuches auf unserer Webseite viele Daten sammelt und mit den Facebook-Daten verbindet, m\u00fcssen Sie sich w\u00e4hrend des Webseitenbesuchs von Facebook abmelden (ausloggen).<\/p><p>Falls Sie bei Facebook nicht angemeldet sind oder kein Facebook-Konto besitzen, sendet Ihr Browser weniger Informationen an Facebook, weil Sie weniger Facebook-Cookies haben. Dennoch k\u00f6nnen Daten wie beispielsweise Ihre IP-Adresse oder welche Webseite Sie besuchen an Facebook \u00fcbertragen werden. Wir m\u00f6chten noch ausdr\u00fccklich darauf hinweisen, dass wir \u00fcber die genauen Inhalte der Daten nicht exakt Bescheid wissen. Wir versuchen aber Sie nach unserem aktuellen Kenntnisstand so gut als m\u00f6glich \u00fcber die Datenverarbeitung aufzukl\u00e4ren. Wie Facebook die Daten nutzt, k\u00f6nnen Sie auch in den Datenrichtline des Unternehmens unter <a href=\"https:\/\/www.facebook.com\/about\/privacy\/update\">https:\/\/www.facebook.com\/about\/privacy\/update<\/a>nachlesen.<\/p><p>Sofern Sie bei Facebook angemeldet sind, k\u00f6nnen Sie Ihre Einstellungen f\u00fcr Werbeanzeigen unter <a href=\"https:\/\/www.facebook.com\/ads\/preferences\/?entry_product=ad_settings_screen\">https:\/\/www.facebook.com\/ads\/preferences\/?entry_product=ad_settings_screen<\/a>\u00a0selbst ver\u00e4ndern. Falls Sie kein Facebook-User sind, k\u00f6nnen Sie auf <a href=\"http:\/\/www.youronlinechoices.com\/de\/praferenzmanagement\/?tid=311252248\">http:\/\/www.youronlinechoices.com\/de\/praferenzmanagement\/<\/a>grunds\u00e4tzlich Ihre nutzungsbasierte Online-Werbung verwalten. Dort haben Sie die M\u00f6glichkeit, Anbieter zu deaktivieren bzw. zu aktivieren.<\/p><p>Wenn Sie mehr \u00fcber den Datenschutz von Facebook erfahren wollen, empfehlen wir Ihnen die eigenen Datenrichtlinien des Unternehmens auf <a href=\"https:\/\/www.facebook.com\/policy.php?tip=311252248\">https:\/\/www.facebook.com\/policy.php<\/a>.<\/p><p><b>Facebook Login Datenschutzerkl\u00e4rung<\/b><\/p><p>Wir haben auf unserer Seite das praktische Facebook Login integriert. So k\u00f6nnen Sie sich bei uns ganz einfach mit Ihrem Facebook-Konto einloggen, ohne ein weiteres Benutzerkonto anlegen zu m\u00fcssen. Wenn Sie sich entscheiden, Ihre Registrierung \u00fcber das Facebook Login zu machen, werden Sie auf das Social Media Network Facebook weitergeleitet. Dort erfolgt die Anmeldung \u00fcber Ihre Facebook Nutzerdaten. Durch dieses Login-Verfahren werden Daten \u00fcber Sie bzw. Ihr Userverhalten gespeichert und an Facebook \u00fcbermittelt.<\/p><p><b>Anmerkung:<\/b> Die angef\u00fchrten Cookies sind nur eine kleine Auswahl der Cookies, die Facebook zur Verf\u00fcgung stehen. Weitere Cookies sind beispielsweise _ fbp, sb oder wd. Eine vollst\u00e4ndige Aufz\u00e4hlung ist nicht m\u00f6glich, da Facebook \u00fcber eine Vielzahl an Cookies verf\u00fcgt und diese variabel einsetzt.<\/p><p>Der Facebook Login bietet Ihnen einerseits einen schnellen und einfachen Registrierungsprozess, andererseits haben wir so die M\u00f6glichkeit Daten mit Facebook zu teilen. Dadurch k\u00f6nnen wir unser Angebot und unsere Werbeaktionen besser an Ihre Interessen und Bed\u00fcrfnisse anpassen. Daten, die wir auf diese Weise von Facebook erhalten, sind \u00f6ffentliche Daten wie<\/p><ul><li>Ihr Facebook-Name<\/li><li>Ihr Profilbild<\/li><li>eine hinterlegte E-Mail-Adresse<\/li><li>Freundeslisten<\/li><li>Buttons-Angaben (z.B. \u201eGef\u00e4llt mir\u201c-Button)<\/li><li>Geburtstagsdatum<\/li><li>Sprache<\/li><li>Wohnort<\/li><\/ul><p>Im Gegenzug stellen wir Facebook Informationen \u00fcber Ihre Aktivit\u00e4ten auf unserer Webseite bereit. Das sind unter anderem Informationen \u00fcber Ihr verwendetes Endger\u00e4t, welche Unterseiten Sie bei uns besuchen oder welche Produkte Sie bei uns erworben haben.<\/p><p>Durch die Verwendung von Facebook Login willigen Sie der Datenverarbeitung ein. Sie k\u00f6nnen diese Vereinbarung jederzeit widerrufen. Wenn Sie mehr Informationen \u00fcber die Datenverarbeitung durch Facebook erfahren wollen, empfehlen wir Ihnen die Facebook-Datenschutzerkl\u00e4rung unter <a href=\"https:\/\/de-de.facebook.com\/policy.php?tid=311252248\">https:\/\/de-de.facebook.com\/policy.php<\/a>.<\/p><p>Sofern Sie bei Facebook angemeldet sind, k\u00f6nnen Sie Ihre Einstellungen f\u00fcr Werbeanzeigen unter <a href=\"https:\/\/www.facebook.com\/ads\/preferences\/?entry_product=ad_settings_screen\">https:\/\/www.facebook.com\/ads\/preferences\/?entry_product=ad_settings_screen<\/a>\u00a0selbst ver\u00e4ndern.<\/p><p>\u00a0<\/p><p>Wir werden diese Erkl\u00e4rung zum Schutz Ihrer pers\u00f6nlichen Daten von Zeit zu Zeit aktualisieren.\u00a0Sie sollten sich diese Erkl\u00e4rung gelegentlich ansehen, um auf dem Laufenden\u00a0daru\u0308ber zu bleiben, wie wir Ihre Daten schu\u0308tzen und die Inhalte unserer Webseite stetig\u00a0verbessern. Wenn Sie Fragen zum Datenschutz haben, Rechte oder Anspru\u0308che ausu\u0308ben\u00a0m\u00f6chten, schicken Sie uns bitte eine E-Mail.\u00a0<strong>Stand: Februar 2021<\/strong><\/p><\/div>\n\t\t\t\t<\/div>\n\t\t\t\t<\/div>\n\t\t\t\t\t\t<\/div>\n\t\t\t\t\t<\/div>\n\t\t<\/div>\n\t\t\t\t\t\t\t\t<\/div>\n\t\t\t\t\t<\/div>\n\t\t<\/section>\n\t\t\t\t\t\t<\/div>\n\t\t\t\t\t\t<\/div>\n\t\t\t\t\t<\/div>\n\t\t","protected":false},"excerpt":{"rendered":"<p>Kontakt \u00a0 Datenschutzerkl\u00e4rung f\u00fcr die Webseite rheingaumakler.de Datenschutzerkl\u00e4rungRheingaumakler.de hat in dieser Datenschutzerkl\u00e4rung, die den Anforderungen der Datenschutzgrundverordnung (DSGVO) entspricht, die Bedingungen, unter denen personenbezogene Daten auf dieser Webseite verarbeitet werden, zusammengefasst. Grunds\u00e4tzlich ist die Nutzung der Webseite\u00a0www.rheingaumakler.de\u00a0ohne Angabe von personenbezogenen Daten m\u00f6glich. Daf\u00fcr sind teilweise Einstellungen erforderlich, bestimmte Dienste, die in dieser Datenschutzerkl\u00e4rung genannt sind,&hellip; <a class=\"more-link\" href=\"https:\/\/www.rheingaumakler.de\/?page_id=297\"><span class=\"screen-reader-text\">Datenschutz<\/span> weiterlesen<\/a><\/p>\n","protected":false},"author":1,"featured_media":0,"parent":0,"menu_order":0,"comment_status":"closed","ping_status":"closed","template":"elementor_canvas","meta":[],"_links":{"self":[{"href":"https:\/\/www.rheingaumakler.de\/index.php?rest_route=\/wp\/v2\/pages\/297"}],"collection":[{"href":"https:\/\/www.rheingaumakler.de\/index.php?rest_route=\/wp\/v2\/pages"}],"about":[{"href":"https:\/\/www.rheingaumakler.de\/index.php?rest_route=\/wp\/v2\/types\/page"}],"author":[{"embeddable":true,"href":"https:\/\/www.rheingaumakler.de\/index.php?rest_route=\/wp\/v2\/users\/1"}],"replies":[{"embeddable":true,"href":"https:\/\/www.rheingaumakler.de\/index.php?rest_route=%2Fwp%2Fv2%2Fcomments&post=297"}],"version-history":[{"count":13,"href":"https:\/\/www.rheingaumakler.de\/index.php?rest_route=\/wp\/v2\/pages\/297\/revisions"}],"predecessor-version":[{"id":311,"href":"https:\/\/www.rheingaumakler.de\/index.php?rest_route=\/wp\/v2\/pages\/297\/revisions\/311"}],"wp:attachment":[{"href":"https:\/\/www.rheingaumakler.de\/index.php?rest_route=%2Fwp%2Fv2%2Fmedia&parent=297"}],"curies":[{"name":"wp","href":"https:\/\/api.w.org\/{rel}","templated":true}]}}